{"id":3272,"date":"2025-02-13T02:03:06","date_gmt":"2025-02-13T02:03:06","guid":{"rendered":"https:\/\/vilenica.forwardapps.si\/grotta-vilenica\/mappa-della-grotta-vilenica\/"},"modified":"2025-04-23T06:11:28","modified_gmt":"2025-04-23T06:11:28","slug":"mappa-della-grotta-vilenica","status":"publish","type":"page","link":"https:\/\/vilenica.com\/it\/grotta-vilenica\/mappa-della-grotta-vilenica\/","title":{"rendered":"Mappa della Grotta Vilenica"},"content":{"rendered":"\t\t<div data-elementor-type=\"wp-page\" data-elementor-id=\"3272\" class=\"elementor elementor-3272 elementor-935\" data-elementor-post-type=\"page\">\n\t\t\t\t<div class=\"elementor-element elementor-element-11c4ff7 e-flex e-con-boxed e-con e-parent\" data-id=\"11c4ff7\" data-element_type=\"container\" data-e-type=\"container\" data-settings=\"{&quot;jet_parallax_layout_list&quot;:[]}\">\n\t\t\t\t\t<div class=\"e-con-inner\">\n\t\t\t\t<div class=\"elementor-element elementor-element-ac7a336 elementor-widget elementor-widget-text-editor\" data-id=\"ac7a336\" data-element_type=\"widget\" data-e-type=\"widget\" data-widget_type=\"text-editor.default\">\n\t\t\t\t<div class=\"elementor-widget-container\">\n\t\t\t\t\t\t\t\t\t<p>Esplora tutte e quattro le sale aperte al pubblico: inizia dalla Sala da Ballo, prosegui lungo il Viale\u00a0degli Speleotemi, lasciati affascinare della Sala Rossa e raggiungi la fiabesca Sala delle Fate \u2013 prima di\u00a0fare ritorno al punto di partenza.<\/p>\t\t\t\t\t\t\t\t<\/div>\n\t\t\t\t<\/div>\n\t\t<div class=\"elementor-element elementor-element-34fb148 e-con-full e-flex e-con e-child\" data-id=\"34fb148\" data-element_type=\"container\" data-e-type=\"container\" data-settings=\"{&quot;background_background&quot;:&quot;classic&quot;,&quot;jet_parallax_layout_list&quot;:[]}\">\n\t\t\t\t<div class=\"elementor-element elementor-element-90bb661 elementor-widget elementor-widget-hotspot\" data-id=\"90bb661\" data-element_type=\"widget\" data-e-type=\"widget\" data-settings=\"{&quot;hotspot&quot;:[{&quot;hotspot_icon&quot;:{&quot;value&quot;:{&quot;url&quot;:&quot;https:\\\/\\\/vilenica.com\\\/\\\/wp-content\\\/uploads\\\/2025\\\/02\\\/Group-2320.svg&quot;,&quot;id&quot;:1003},&quot;library&quot;:&quot;svg&quot;},&quot;hotspot_custom_size&quot;:&quot;&quot;,&quot;hotspot_tooltip_content&quot;:&quot;&lt;h4&gt;LA SALA DA BALLO&lt;\\\/h4&gt;\\n&lt;p&gt;La Sala da ballo \\u00e8 la sala pi\\u00f9 famosa della grotta: dal 1986 ospita il Premio letterario internazionale Vilenica. Il palco naturale offre uno sfondo meraviglioso per l&#039;evento. &lt;\\\/p&gt;\\n&quot;,&quot;hotspot_offset_x&quot;:{&quot;unit&quot;:&quot;%&quot;,&quot;size&quot;:23,&quot;sizes&quot;:[]},&quot;hotspot_offset_y&quot;:{&quot;unit&quot;:&quot;%&quot;,&quot;size&quot;:5,&quot;sizes&quot;:[]},&quot;hotspot_tooltip_position&quot;:&quot;yes&quot;,&quot;hotspot_offset_y_mobile&quot;:{&quot;unit&quot;:&quot;px&quot;,&quot;size&quot;:1,&quot;sizes&quot;:[]},&quot;hotspot_position_mobile&quot;:&quot;left&quot;,&quot;hotspot_tooltip_width&quot;:{&quot;unit&quot;:&quot;px&quot;,&quot;size&quot;:420,&quot;sizes&quot;:[]},&quot;hotspot_tooltip_width_mobile&quot;:{&quot;unit&quot;:&quot;px&quot;,&quot;size&quot;:220,&quot;sizes&quot;:[]},&quot;hotspot_tooltip_text_wrap&quot;:&quot;yes&quot;,&quot;_id&quot;:&quot;6e34382&quot;,&quot;index&quot;:0,&quot;__dynamic__&quot;:null,&quot;hotspot_label&quot;:&quot;&quot;,&quot;hotspot_link&quot;:{&quot;url&quot;:&quot;&quot;,&quot;is_external&quot;:&quot;&quot;,&quot;nofollow&quot;:&quot;&quot;,&quot;custom_attributes&quot;:&quot;&quot;},&quot;hotspot_horizontal&quot;:&quot;left&quot;,&quot;hotspot_vertical&quot;:&quot;top&quot;,&quot;hotspot_position&quot;:&quot;&quot;,&quot;hotspot_position_laptop&quot;:&quot;&quot;,&quot;hotspot_position_tablet&quot;:&quot;&quot;,&quot;hotspot_icon_position&quot;:null,&quot;hotspot_icon_spacing&quot;:null,&quot;hotspot_width&quot;:null,&quot;hotspot_height&quot;:null,&quot;hotspot_offset_x_laptop&quot;:{&quot;unit&quot;:&quot;px&quot;,&quot;size&quot;:&quot;&quot;,&quot;sizes&quot;:[]},&quot;hotspot_offset_x_tablet&quot;:{&quot;unit&quot;:&quot;px&quot;,&quot;size&quot;:&quot;&quot;,&quot;sizes&quot;:[]},&quot;hotspot_offset_x_mobile&quot;:{&quot;unit&quot;:&quot;px&quot;,&quot;size&quot;:&quot;&quot;,&quot;sizes&quot;:[]},&quot;hotspot_offset_y_laptop&quot;:{&quot;unit&quot;:&quot;px&quot;,&quot;size&quot;:&quot;&quot;,&quot;sizes&quot;:[]},&quot;hotspot_offset_y_tablet&quot;:{&quot;unit&quot;:&quot;px&quot;,&quot;size&quot;:&quot;&quot;,&quot;sizes&quot;:[]},&quot;hotspot_tooltip_width_laptop&quot;:{&quot;unit&quot;:&quot;px&quot;,&quot;size&quot;:&quot;&quot;,&quot;sizes&quot;:[]},&quot;hotspot_tooltip_width_tablet&quot;:{&quot;unit&quot;:&quot;px&quot;,&quot;size&quot;:&quot;&quot;,&quot;sizes&quot;:[]}},{&quot;_id&quot;:&quot;bf0028c&quot;,&quot;hotspot_icon&quot;:{&quot;value&quot;:{&quot;url&quot;:&quot;https:\\\/\\\/vilenica.com\\\/\\\/wp-content\\\/uploads\\\/2025\\\/02\\\/Group-2320.svg&quot;,&quot;id&quot;:1003},&quot;library&quot;:&quot;svg&quot;},&quot;hotspot_custom_size&quot;:&quot;&quot;,&quot;hotspot_tooltip_content&quot;:&quot;&lt;h4&gt;IL VIALE DEGLI SPELEOTEMI&lt;\\\/h4&gt;\\n&lt;p&gt;Osservando la disposizione delle stalagmiti, delle stalattiti e delle colonne \\u00e8 facile capire perch\\u00e9 la sala sia stata chiamata il Viale degli speleotemi.&lt;\\\/p&gt;\\n&quot;,&quot;hotspot_offset_x&quot;:{&quot;unit&quot;:&quot;%&quot;,&quot;size&quot;:61,&quot;sizes&quot;:[]},&quot;hotspot_offset_y&quot;:{&quot;unit&quot;:&quot;%&quot;,&quot;size&quot;:14,&quot;sizes&quot;:[]},&quot;hotspot_tooltip_position&quot;:&quot;yes&quot;,&quot;hotspot_horizontal&quot;:&quot;right&quot;,&quot;hotspot_offset_x_mobile&quot;:{&quot;unit&quot;:&quot;px&quot;,&quot;size&quot;:61,&quot;sizes&quot;:[]},&quot;hotspot_offset_y_mobile&quot;:{&quot;unit&quot;:&quot;px&quot;,&quot;size&quot;:10,&quot;sizes&quot;:[]},&quot;hotspot_position_mobile&quot;:&quot;top&quot;,&quot;hotspot_tooltip_width&quot;:{&quot;unit&quot;:&quot;px&quot;,&quot;size&quot;:420,&quot;sizes&quot;:[]},&quot;hotspot_tooltip_width_mobile&quot;:{&quot;unit&quot;:&quot;px&quot;,&quot;size&quot;:220,&quot;sizes&quot;:[]},&quot;hotspot_tooltip_text_wrap&quot;:&quot;yes&quot;,&quot;index&quot;:1,&quot;__dynamic__&quot;:null,&quot;hotspot_label&quot;:&quot;&quot;,&quot;hotspot_link&quot;:{&quot;url&quot;:&quot;&quot;,&quot;is_external&quot;:&quot;&quot;,&quot;nofollow&quot;:&quot;&quot;,&quot;custom_attributes&quot;:&quot;&quot;},&quot;hotspot_vertical&quot;:&quot;top&quot;,&quot;hotspot_position&quot;:&quot;&quot;,&quot;hotspot_position_laptop&quot;:&quot;&quot;,&quot;hotspot_position_tablet&quot;:&quot;&quot;,&quot;hotspot_icon_position&quot;:null,&quot;hotspot_icon_spacing&quot;:null,&quot;hotspot_width&quot;:null,&quot;hotspot_height&quot;:null,&quot;hotspot_offset_x_laptop&quot;:{&quot;unit&quot;:&quot;px&quot;,&quot;size&quot;:&quot;&quot;,&quot;sizes&quot;:[]},&quot;hotspot_offset_x_tablet&quot;:{&quot;unit&quot;:&quot;px&quot;,&quot;size&quot;:&quot;&quot;,&quot;sizes&quot;:[]},&quot;hotspot_offset_y_laptop&quot;:{&quot;unit&quot;:&quot;px&quot;,&quot;size&quot;:&quot;&quot;,&quot;sizes&quot;:[]},&quot;hotspot_offset_y_tablet&quot;:{&quot;unit&quot;:&quot;px&quot;,&quot;size&quot;:&quot;&quot;,&quot;sizes&quot;:[]},&quot;hotspot_tooltip_width_laptop&quot;:{&quot;unit&quot;:&quot;px&quot;,&quot;size&quot;:&quot;&quot;,&quot;sizes&quot;:[]},&quot;hotspot_tooltip_width_tablet&quot;:{&quot;unit&quot;:&quot;px&quot;,&quot;size&quot;:&quot;&quot;,&quot;sizes&quot;:[]}},{&quot;hotspot_icon&quot;:{&quot;value&quot;:{&quot;url&quot;:&quot;https:\\\/\\\/vilenica.com\\\/\\\/wp-content\\\/uploads\\\/2025\\\/02\\\/Group-2320.svg&quot;,&quot;id&quot;:1003},&quot;library&quot;:&quot;svg&quot;},&quot;hotspot_custom_size&quot;:&quot;&quot;,&quot;hotspot_tooltip_content&quot;:&quot;&lt;h4&gt;LA SALA ROSSA&lt;\\\/h4&gt;\\n&lt;p&gt;Un punto interessante della grotta dove si passa dalla parte iniziale pi\\u00f9 fredda alla zona a temperatura costante della grotta. Qui i colori della grotta e delle forme degli speleotemi cambiano in tonalit\\u00e0 rosso e arancione. &lt;\\\/p&gt;\\n&quot;,&quot;hotspot_offset_x&quot;:{&quot;unit&quot;:&quot;%&quot;,&quot;size&quot;:19,&quot;sizes&quot;:[]},&quot;hotspot_offset_y&quot;:{&quot;unit&quot;:&quot;%&quot;,&quot;size&quot;:17,&quot;sizes&quot;:[]},&quot;hotspot_tooltip_position&quot;:&quot;yes&quot;,&quot;hotspot_horizontal&quot;:&quot;right&quot;,&quot;hotspot_offset_x_mobile&quot;:{&quot;unit&quot;:&quot;px&quot;,&quot;size&quot;:17,&quot;sizes&quot;:[]},&quot;hotspot_offset_y_mobile&quot;:{&quot;unit&quot;:&quot;px&quot;,&quot;size&quot;:12,&quot;sizes&quot;:[]},&quot;hotspot_position_mobile&quot;:&quot;right&quot;,&quot;hotspot_tooltip_width&quot;:{&quot;unit&quot;:&quot;px&quot;,&quot;size&quot;:420,&quot;sizes&quot;:[]},&quot;hotspot_tooltip_width_mobile&quot;:{&quot;unit&quot;:&quot;px&quot;,&quot;size&quot;:220,&quot;sizes&quot;:[]},&quot;hotspot_tooltip_text_wrap&quot;:&quot;yes&quot;,&quot;_id&quot;:&quot;824c04c&quot;,&quot;index&quot;:2,&quot;__dynamic__&quot;:null,&quot;hotspot_label&quot;:&quot;&quot;,&quot;hotspot_link&quot;:{&quot;url&quot;:&quot;&quot;,&quot;is_external&quot;:&quot;&quot;,&quot;nofollow&quot;:&quot;&quot;,&quot;custom_attributes&quot;:&quot;&quot;},&quot;hotspot_vertical&quot;:&quot;top&quot;,&quot;hotspot_position&quot;:&quot;&quot;,&quot;hotspot_position_laptop&quot;:&quot;&quot;,&quot;hotspot_position_tablet&quot;:&quot;&quot;,&quot;hotspot_icon_position&quot;:null,&quot;hotspot_icon_spacing&quot;:null,&quot;hotspot_width&quot;:null,&quot;hotspot_height&quot;:null,&quot;hotspot_offset_x_laptop&quot;:{&quot;unit&quot;:&quot;px&quot;,&quot;size&quot;:&quot;&quot;,&quot;sizes&quot;:[]},&quot;hotspot_offset_x_tablet&quot;:{&quot;unit&quot;:&quot;px&quot;,&quot;size&quot;:&quot;&quot;,&quot;sizes&quot;:[]},&quot;hotspot_offset_y_laptop&quot;:{&quot;unit&quot;:&quot;px&quot;,&quot;size&quot;:&quot;&quot;,&quot;sizes&quot;:[]},&quot;hotspot_offset_y_tablet&quot;:{&quot;unit&quot;:&quot;px&quot;,&quot;size&quot;:&quot;&quot;,&quot;sizes&quot;:[]},&quot;hotspot_tooltip_width_laptop&quot;:{&quot;unit&quot;:&quot;px&quot;,&quot;size&quot;:&quot;&quot;,&quot;sizes&quot;:[]},&quot;hotspot_tooltip_width_tablet&quot;:{&quot;unit&quot;:&quot;px&quot;,&quot;size&quot;:&quot;&quot;,&quot;sizes&quot;:[]}},{&quot;hotspot_icon&quot;:{&quot;value&quot;:{&quot;url&quot;:&quot;https:\\\/\\\/vilenica.com\\\/\\\/wp-content\\\/uploads\\\/2025\\\/02\\\/Group-2320.svg&quot;,&quot;id&quot;:1003},&quot;library&quot;:&quot;svg&quot;},&quot;hotspot_custom_size&quot;:&quot;&quot;,&quot;hotspot_tooltip_content&quot;:&quot;&lt;h4&gt;LA SALA DELLE FATE&lt;\\\/h4&gt;\\n&lt;p&gt;Il punto pi\\u00f9 basso del visita turistica della grotta. La nostra immaginazione si risveglia alla&lt;br \\\/&gt;vista delle meravigliose forme degli speleotemi a 72 metri di profondit\\u00e0 e si riconoscono innumerevoli figure interessanti negli speleotemi. Qui possiamo ammirare anche la stalagmite pi\\u00f9 alta della grotta, alta pi\\u00f9 di 20 metri.  &lt;\\\/p&gt;\\n&quot;,&quot;hotspot_offset_x&quot;:{&quot;unit&quot;:&quot;%&quot;,&quot;size&quot;:4,&quot;sizes&quot;:[]},&quot;hotspot_offset_y&quot;:{&quot;unit&quot;:&quot;%&quot;,&quot;size&quot;:33,&quot;sizes&quot;:[]},&quot;hotspot_tooltip_position&quot;:&quot;yes&quot;,&quot;hotspot_horizontal&quot;:&quot;right&quot;,&quot;hotspot_offset_x_mobile&quot;:{&quot;unit&quot;:&quot;px&quot;,&quot;size&quot;:1,&quot;sizes&quot;:[]},&quot;hotspot_offset_y_mobile&quot;:{&quot;unit&quot;:&quot;px&quot;,&quot;size&quot;:30,&quot;sizes&quot;:[]},&quot;hotspot_position_mobile&quot;:&quot;right&quot;,&quot;hotspot_tooltip_width&quot;:{&quot;unit&quot;:&quot;px&quot;,&quot;size&quot;:420,&quot;sizes&quot;:[]},&quot;hotspot_tooltip_width_mobile&quot;:{&quot;unit&quot;:&quot;px&quot;,&quot;size&quot;:220,&quot;sizes&quot;:[]},&quot;hotspot_tooltip_text_wrap&quot;:&quot;yes&quot;,&quot;_id&quot;:&quot;5b240b3&quot;,&quot;index&quot;:3,&quot;__dynamic__&quot;:null,&quot;hotspot_label&quot;:&quot;&quot;,&quot;hotspot_link&quot;:{&quot;url&quot;:&quot;&quot;,&quot;is_external&quot;:&quot;&quot;,&quot;nofollow&quot;:&quot;&quot;,&quot;custom_attributes&quot;:&quot;&quot;},&quot;hotspot_vertical&quot;:&quot;top&quot;,&quot;hotspot_position&quot;:&quot;&quot;,&quot;hotspot_position_laptop&quot;:&quot;&quot;,&quot;hotspot_position_tablet&quot;:&quot;&quot;,&quot;hotspot_icon_position&quot;:null,&quot;hotspot_icon_spacing&quot;:null,&quot;hotspot_width&quot;:null,&quot;hotspot_height&quot;:null,&quot;hotspot_offset_x_laptop&quot;:{&quot;unit&quot;:&quot;px&quot;,&quot;size&quot;:&quot;&quot;,&quot;sizes&quot;:[]},&quot;hotspot_offset_x_tablet&quot;:{&quot;unit&quot;:&quot;px&quot;,&quot;size&quot;:&quot;&quot;,&quot;sizes&quot;:[]},&quot;hotspot_offset_y_laptop&quot;:{&quot;unit&quot;:&quot;px&quot;,&quot;size&quot;:&quot;&quot;,&quot;sizes&quot;:[]},&quot;hotspot_offset_y_tablet&quot;:{&quot;unit&quot;:&quot;px&quot;,&quot;size&quot;:&quot;&quot;,&quot;sizes&quot;:[]},&quot;hotspot_tooltip_width_laptop&quot;:{&quot;unit&quot;:&quot;px&quot;,&quot;size&quot;:&quot;&quot;,&quot;sizes&quot;:[]},&quot;hotspot_tooltip_width_tablet&quot;:{&quot;unit&quot;:&quot;px&quot;,&quot;size&quot;:&quot;&quot;,&quot;sizes&quot;:[]}}],&quot;hotspot_sequenced_animation&quot;:&quot;yes&quot;,&quot;tooltip_position&quot;:&quot;bottom&quot;,&quot;tooltip_trigger&quot;:&quot;mouseenter&quot;,&quot;tooltip_position_mobile&quot;:&quot;bottom&quot;,&quot;tooltip_trigger_mobile&quot;:&quot;click&quot;,&quot;hotspot_sequenced_animation_duration&quot;:{&quot;unit&quot;:&quot;px&quot;,&quot;size&quot;:&quot;&quot;,&quot;sizes&quot;:[]},&quot;tooltip_animation&quot;:&quot;e-hotspot--fade-in-out&quot;}\" data-widget_type=\"hotspot.default\">\n\t\t\t\t<div class=\"elementor-widget-container\">\n\t\t\t\t\t<img fetchpriority=\"high\" decoding=\"async\" width=\"815\" height=\"565\" src=\"https:\/\/vilenica.com\/wp-content\/uploads\/2025\/04\/Shema-jama-Vilenica-IT.png\" class=\"attachment-full size-full wp-image-4104\" alt=\"\" srcset=\"https:\/\/vilenica.com\/wp-content\/uploads\/2025\/04\/Shema-jama-Vilenica-IT.png 815w, https:\/\/vilenica.com\/wp-content\/uploads\/2025\/04\/Shema-jama-Vilenica-IT-300x208.png 300w, https:\/\/vilenica.com\/wp-content\/uploads\/2025\/04\/Shema-jama-Vilenica-IT-768x532.png 768w\" sizes=\"(max-width: 815px) 100vw, 815px\" \/>\n\t\t\t\t\t\t<div class=\"e-hotspot elementor-repeater-item-6e34382 e-hotspot--sequenced e-hotspot--position-left e-hotspot--position-top   e-hotspot--icon\">\n\n\t\t\t\t\t\t\t\t<div class=\"e-hotspot__button e-hotspot--soft-beat\">\n\t\t\t\t\t\t\t\t\t\t\t\t\t\t\t\t\t\t<div class=\"e-hotspot__icon\"><svg xmlns=\"http:\/\/www.w3.org\/2000\/svg\" width=\"32\" height=\"32\" viewBox=\"0 0 32 32\" fill=\"none\"><circle cx=\"16\" cy=\"16\" r=\"8\" fill=\"#402F32\"><\/circle><circle cx=\"16\" cy=\"16\" r=\"15\" stroke=\"#402F32\" stroke-width=\"2\"><\/circle><\/svg><\/div>\n\t\t\t\t\t\t\t\t\t\t\t\t\t\t\t\t\t\t\t\t\t<\/div>\n\n\t\t\t\t\t\t\t\t\t\t\t\t\t\t\t\t\t\t<div class=\"e-hotspot__tooltip  e-hotspot--tooltip-position e-hotspot--fade-in-out \" >\n\t\t\t\t\t\t<h4>LA SALA DA BALLO<\/h4>\n<p>La Sala da ballo \u00e8 la sala pi\u00f9 famosa della grotta: dal 1986 ospita il Premio letterario internazionale Vilenica. Il palco naturale offre uno sfondo meraviglioso per l'evento. <\/p>\n\t\t\t\t\t<\/div>\n\t\t\t\t\t\t\t\t\t\n\t\t\t<\/div>\n\n\t\n\t\t\t\t\t\t<div class=\"e-hotspot elementor-repeater-item-bf0028c e-hotspot--sequenced e-hotspot--position-right e-hotspot--position-top   e-hotspot--icon\">\n\n\t\t\t\t\t\t\t\t<div class=\"e-hotspot__button e-hotspot--soft-beat\">\n\t\t\t\t\t\t\t\t\t\t\t\t\t\t\t\t\t\t<div class=\"e-hotspot__icon\"><svg xmlns=\"http:\/\/www.w3.org\/2000\/svg\" width=\"32\" height=\"32\" viewBox=\"0 0 32 32\" fill=\"none\"><circle cx=\"16\" cy=\"16\" r=\"8\" fill=\"#402F32\"><\/circle><circle cx=\"16\" cy=\"16\" r=\"15\" stroke=\"#402F32\" stroke-width=\"2\"><\/circle><\/svg><\/div>\n\t\t\t\t\t\t\t\t\t\t\t\t\t\t\t\t\t\t\t\t\t<\/div>\n\n\t\t\t\t\t\t\t\t\t\t\t\t\t\t\t\t\t\t<div class=\"e-hotspot__tooltip  e-hotspot--tooltip-position e-hotspot--fade-in-out \" >\n\t\t\t\t\t\t<h4>IL VIALE DEGLI SPELEOTEMI<\/h4>\n<p>Osservando la disposizione delle stalagmiti, delle stalattiti e delle colonne \u00e8 facile capire perch\u00e9 la sala sia stata chiamata il Viale degli speleotemi.<\/p>\n\t\t\t\t\t<\/div>\n\t\t\t\t\t\t\t\t\t\n\t\t\t<\/div>\n\n\t\n\t\t\t\t\t\t<div class=\"e-hotspot elementor-repeater-item-824c04c e-hotspot--sequenced e-hotspot--position-right e-hotspot--position-top   e-hotspot--icon\">\n\n\t\t\t\t\t\t\t\t<div class=\"e-hotspot__button e-hotspot--soft-beat\">\n\t\t\t\t\t\t\t\t\t\t\t\t\t\t\t\t\t\t<div class=\"e-hotspot__icon\"><svg xmlns=\"http:\/\/www.w3.org\/2000\/svg\" width=\"32\" height=\"32\" viewBox=\"0 0 32 32\" fill=\"none\"><circle cx=\"16\" cy=\"16\" r=\"8\" fill=\"#402F32\"><\/circle><circle cx=\"16\" cy=\"16\" r=\"15\" stroke=\"#402F32\" stroke-width=\"2\"><\/circle><\/svg><\/div>\n\t\t\t\t\t\t\t\t\t\t\t\t\t\t\t\t\t\t\t\t\t<\/div>\n\n\t\t\t\t\t\t\t\t\t\t\t\t\t\t\t\t\t\t<div class=\"e-hotspot__tooltip  e-hotspot--tooltip-position e-hotspot--fade-in-out \" >\n\t\t\t\t\t\t<h4>LA SALA ROSSA<\/h4>\n<p>Un punto interessante della grotta dove si passa dalla parte iniziale pi\u00f9 fredda alla zona a temperatura costante della grotta. Qui i colori della grotta e delle forme degli speleotemi cambiano in tonalit\u00e0 rosso e arancione. <\/p>\n\t\t\t\t\t<\/div>\n\t\t\t\t\t\t\t\t\t\n\t\t\t<\/div>\n\n\t\n\t\t\t\t\t\t<div class=\"e-hotspot elementor-repeater-item-5b240b3 e-hotspot--sequenced e-hotspot--position-right e-hotspot--position-top   e-hotspot--icon\">\n\n\t\t\t\t\t\t\t\t<div class=\"e-hotspot__button e-hotspot--soft-beat\">\n\t\t\t\t\t\t\t\t\t\t\t\t\t\t\t\t\t\t<div class=\"e-hotspot__icon\"><svg xmlns=\"http:\/\/www.w3.org\/2000\/svg\" width=\"32\" height=\"32\" viewBox=\"0 0 32 32\" fill=\"none\"><circle cx=\"16\" cy=\"16\" r=\"8\" fill=\"#402F32\"><\/circle><circle cx=\"16\" cy=\"16\" r=\"15\" stroke=\"#402F32\" stroke-width=\"2\"><\/circle><\/svg><\/div>\n\t\t\t\t\t\t\t\t\t\t\t\t\t\t\t\t\t\t\t\t\t<\/div>\n\n\t\t\t\t\t\t\t\t\t\t\t\t\t\t\t\t\t\t<div class=\"e-hotspot__tooltip  e-hotspot--tooltip-position e-hotspot--fade-in-out \" >\n\t\t\t\t\t\t<h4>LA SALA DELLE FATE<\/h4>\n<p>Il punto pi\u00f9 basso del visita turistica della grotta. La nostra immaginazione si risveglia alla<br \/>vista delle meravigliose forme degli speleotemi a 72 metri di profondit\u00e0 e si riconoscono innumerevoli figure interessanti negli speleotemi. Qui possiamo ammirare anche la stalagmite pi\u00f9 alta della grotta, alta pi\u00f9 di 20 metri.  <\/p>\n\t\t\t\t\t<\/div>\n\t\t\t\t\t\t\t\t\t\n\t\t\t<\/div>\n\n\t\n\t\t\t\t\t\t<\/div>\n\t\t\t\t<\/div>\n\t\t\t\t<\/div>\n\t\t\t\t\t<\/div>\n\t\t\t\t<\/div>\n\t\t\t\t<\/div>\n\t\t","protected":false},"excerpt":{"rendered":"<p>Esplora tutte e quattro le sale aperte al pubblico: inizia dalla Sala da Ballo, prosegui lungo il Viale\u00a0degli Speleotemi, lasciati affascinare della Sala Rossa e raggiungi la fiabesca Sala delle Fate \u2013 prima di\u00a0fare ritorno al punto di partenza. LA SALA DA BALLO La Sala da ballo \u00e8 la sala pi\u00f9 famosa della grotta: dal [&hellip;]<\/p>\n","protected":false},"author":2,"featured_media":0,"parent":3227,"menu_order":0,"comment_status":"closed","ping_status":"closed","template":"","meta":{"footnotes":""},"class_list":["post-3272","page","type-page","status-publish","hentry"],"yoast_head":"<!-- This site is optimized with the Yoast SEO plugin v27.5 - https:\/\/yoast.com\/product\/yoast-seo-wordpress\/ -->\n<title>Mappa della Grotta Vilenica - Jama Vilenica - Esplora il sottosuolo<\/title>\n<meta name=\"description\" content=\"Esplora Jama Vilenica con un tour virtuale della mappa. Attraversa sale magiche e scopri le bellezze degli inferi.\" \/>\n<meta name=\"robots\" content=\"index, follow, max-snippet:-1, max-image-preview:large, max-video-preview:-1\" \/>\n<link rel=\"canonical\" href=\"https:\/\/vilenica.com\/it\/grotta-vilenica\/mappa-della-grotta-vilenica\/\" \/>\n<meta property=\"og:locale\" content=\"it_IT\" \/>\n<meta property=\"og:type\" content=\"article\" \/>\n<meta property=\"og:title\" content=\"Mappa della Grotta Vilenica - Jama Vilenica - Esplora il sottosuolo\" \/>\n<meta property=\"og:description\" content=\"Esplora Jama Vilenica con un tour virtuale della mappa. Attraversa sale magiche e scopri le bellezze degli inferi.\" \/>\n<meta property=\"og:url\" content=\"https:\/\/vilenica.com\/it\/grotta-vilenica\/mappa-della-grotta-vilenica\/\" \/>\n<meta property=\"og:site_name\" content=\"Jama Vilenica\" \/>\n<meta property=\"article:publisher\" content=\"https:\/\/www.facebook.com\/JamaVilenica\/\" \/>\n<meta property=\"article:modified_time\" content=\"2025-04-23T06:11:28+00:00\" \/>\n<meta property=\"og:image\" content=\"https:\/\/vilenica.com\/wp-content\/uploads\/2025\/04\/Shema-jama-Vilenica-IT.png\" \/>\n<meta name=\"twitter:card\" content=\"summary_large_image\" \/>\n<meta name=\"twitter:label1\" content=\"Tempo di lettura stimato\" \/>\n\t<meta name=\"twitter:data1\" content=\"2 minuti\" \/>\n<script type=\"application\/ld+json\" class=\"yoast-schema-graph\">{\"@context\":\"https:\\\/\\\/schema.org\",\"@graph\":[{\"@type\":\"WebPage\",\"@id\":\"https:\\\/\\\/vilenica.com\\\/it\\\/grotta-vilenica\\\/mappa-della-grotta-vilenica\\\/\",\"url\":\"https:\\\/\\\/vilenica.com\\\/it\\\/grotta-vilenica\\\/mappa-della-grotta-vilenica\\\/\",\"name\":\"Mappa della Grotta Vilenica - Jama Vilenica - Esplora il sottosuolo\",\"isPartOf\":{\"@id\":\"https:\\\/\\\/vilenica.com\\\/it\\\/#website\"},\"primaryImageOfPage\":{\"@id\":\"https:\\\/\\\/vilenica.com\\\/it\\\/grotta-vilenica\\\/mappa-della-grotta-vilenica\\\/#primaryimage\"},\"image\":{\"@id\":\"https:\\\/\\\/vilenica.com\\\/it\\\/grotta-vilenica\\\/mappa-della-grotta-vilenica\\\/#primaryimage\"},\"thumbnailUrl\":\"https:\\\/\\\/vilenica.com\\\/wp-content\\\/uploads\\\/2025\\\/04\\\/Shema-jama-Vilenica-IT.png\",\"datePublished\":\"2025-02-13T02:03:06+00:00\",\"dateModified\":\"2025-04-23T06:11:28+00:00\",\"description\":\"Esplora Jama Vilenica con un tour virtuale della mappa. Attraversa sale magiche e scopri le bellezze degli inferi.\",\"breadcrumb\":{\"@id\":\"https:\\\/\\\/vilenica.com\\\/it\\\/grotta-vilenica\\\/mappa-della-grotta-vilenica\\\/#breadcrumb\"},\"inLanguage\":\"it-IT\",\"potentialAction\":[{\"@type\":\"ReadAction\",\"target\":[\"https:\\\/\\\/vilenica.com\\\/it\\\/grotta-vilenica\\\/mappa-della-grotta-vilenica\\\/\"]}]},{\"@type\":\"ImageObject\",\"inLanguage\":\"it-IT\",\"@id\":\"https:\\\/\\\/vilenica.com\\\/it\\\/grotta-vilenica\\\/mappa-della-grotta-vilenica\\\/#primaryimage\",\"url\":\"https:\\\/\\\/vilenica.com\\\/wp-content\\\/uploads\\\/2025\\\/04\\\/Shema-jama-Vilenica-IT.png\",\"contentUrl\":\"https:\\\/\\\/vilenica.com\\\/wp-content\\\/uploads\\\/2025\\\/04\\\/Shema-jama-Vilenica-IT.png\"},{\"@type\":\"BreadcrumbList\",\"@id\":\"https:\\\/\\\/vilenica.com\\\/it\\\/grotta-vilenica\\\/mappa-della-grotta-vilenica\\\/#breadcrumb\",\"itemListElement\":[{\"@type\":\"ListItem\",\"position\":1,\"name\":\"Casa\",\"item\":\"https:\\\/\\\/vilenica.com\\\/it\\\/\"},{\"@type\":\"ListItem\",\"position\":2,\"name\":\"Grotta Vilenica\",\"item\":\"https:\\\/\\\/vilenica.com\\\/it\\\/jama-vilenica\\\/\"},{\"@type\":\"ListItem\",\"position\":3,\"name\":\"Mappa della Grotta Vilenica\"}]},{\"@type\":\"WebSite\",\"@id\":\"https:\\\/\\\/vilenica.com\\\/it\\\/#website\",\"url\":\"https:\\\/\\\/vilenica.com\\\/it\\\/\",\"name\":\"Jama Vilenica\",\"description\":\"Prva turisti\u010dna jama na svetu!\",\"publisher\":{\"@id\":\"https:\\\/\\\/vilenica.com\\\/it\\\/#organization\"},\"alternateName\":\"Vilenica Jama\",\"potentialAction\":[{\"@type\":\"SearchAction\",\"target\":{\"@type\":\"EntryPoint\",\"urlTemplate\":\"https:\\\/\\\/vilenica.com\\\/it\\\/?s={search_term_string}\"},\"query-input\":{\"@type\":\"PropertyValueSpecification\",\"valueRequired\":true,\"valueName\":\"search_term_string\"}}],\"inLanguage\":\"it-IT\"},{\"@type\":\"Organization\",\"@id\":\"https:\\\/\\\/vilenica.com\\\/it\\\/#organization\",\"name\":\"Jama Vilenica\",\"alternateName\":\"Vilenica Jama\",\"url\":\"https:\\\/\\\/vilenica.com\\\/it\\\/\",\"logo\":{\"@type\":\"ImageObject\",\"inLanguage\":\"it-IT\",\"@id\":\"https:\\\/\\\/vilenica.com\\\/it\\\/#\\\/schema\\\/logo\\\/image\\\/\",\"url\":\"https:\\\/\\\/vilenica.com\\\/wp-content\\\/uploads\\\/2025\\\/02\\\/vilenica-icon.svg\",\"contentUrl\":\"https:\\\/\\\/vilenica.com\\\/wp-content\\\/uploads\\\/2025\\\/02\\\/vilenica-icon.svg\",\"width\":126,\"height\":126,\"caption\":\"Jama Vilenica\"},\"image\":{\"@id\":\"https:\\\/\\\/vilenica.com\\\/it\\\/#\\\/schema\\\/logo\\\/image\\\/\"},\"sameAs\":[\"https:\\\/\\\/www.facebook.com\\\/JamaVilenica\\\/\"]}]}<\/script>\n<!-- \/ Yoast SEO plugin. -->","yoast_head_json":{"title":"Mappa della Grotta Vilenica - Jama Vilenica - Esplora il sottosuolo","description":"Esplora Jama Vilenica con un tour virtuale della mappa. Attraversa sale magiche e scopri le bellezze degli inferi.","robots":{"index":"index","follow":"follow","max-snippet":"max-snippet:-1","max-image-preview":"max-image-preview:large","max-video-preview":"max-video-preview:-1"},"canonical":"https:\/\/vilenica.com\/it\/grotta-vilenica\/mappa-della-grotta-vilenica\/","og_locale":"it_IT","og_type":"article","og_title":"Mappa della Grotta Vilenica - Jama Vilenica - Esplora il sottosuolo","og_description":"Esplora Jama Vilenica con un tour virtuale della mappa. Attraversa sale magiche e scopri le bellezze degli inferi.","og_url":"https:\/\/vilenica.com\/it\/grotta-vilenica\/mappa-della-grotta-vilenica\/","og_site_name":"Jama Vilenica","article_publisher":"https:\/\/www.facebook.com\/JamaVilenica\/","article_modified_time":"2025-04-23T06:11:28+00:00","og_image":[{"url":"https:\/\/vilenica.com\/wp-content\/uploads\/2025\/04\/Shema-jama-Vilenica-IT.png","type":"","width":"","height":""}],"twitter_card":"summary_large_image","twitter_misc":{"Tempo di lettura stimato":"2 minuti"},"schema":{"@context":"https:\/\/schema.org","@graph":[{"@type":"WebPage","@id":"https:\/\/vilenica.com\/it\/grotta-vilenica\/mappa-della-grotta-vilenica\/","url":"https:\/\/vilenica.com\/it\/grotta-vilenica\/mappa-della-grotta-vilenica\/","name":"Mappa della Grotta Vilenica - Jama Vilenica - Esplora il sottosuolo","isPartOf":{"@id":"https:\/\/vilenica.com\/it\/#website"},"primaryImageOfPage":{"@id":"https:\/\/vilenica.com\/it\/grotta-vilenica\/mappa-della-grotta-vilenica\/#primaryimage"},"image":{"@id":"https:\/\/vilenica.com\/it\/grotta-vilenica\/mappa-della-grotta-vilenica\/#primaryimage"},"thumbnailUrl":"https:\/\/vilenica.com\/wp-content\/uploads\/2025\/04\/Shema-jama-Vilenica-IT.png","datePublished":"2025-02-13T02:03:06+00:00","dateModified":"2025-04-23T06:11:28+00:00","description":"Esplora Jama Vilenica con un tour virtuale della mappa. Attraversa sale magiche e scopri le bellezze degli inferi.","breadcrumb":{"@id":"https:\/\/vilenica.com\/it\/grotta-vilenica\/mappa-della-grotta-vilenica\/#breadcrumb"},"inLanguage":"it-IT","potentialAction":[{"@type":"ReadAction","target":["https:\/\/vilenica.com\/it\/grotta-vilenica\/mappa-della-grotta-vilenica\/"]}]},{"@type":"ImageObject","inLanguage":"it-IT","@id":"https:\/\/vilenica.com\/it\/grotta-vilenica\/mappa-della-grotta-vilenica\/#primaryimage","url":"https:\/\/vilenica.com\/wp-content\/uploads\/2025\/04\/Shema-jama-Vilenica-IT.png","contentUrl":"https:\/\/vilenica.com\/wp-content\/uploads\/2025\/04\/Shema-jama-Vilenica-IT.png"},{"@type":"BreadcrumbList","@id":"https:\/\/vilenica.com\/it\/grotta-vilenica\/mappa-della-grotta-vilenica\/#breadcrumb","itemListElement":[{"@type":"ListItem","position":1,"name":"Casa","item":"https:\/\/vilenica.com\/it\/"},{"@type":"ListItem","position":2,"name":"Grotta Vilenica","item":"https:\/\/vilenica.com\/it\/jama-vilenica\/"},{"@type":"ListItem","position":3,"name":"Mappa della Grotta Vilenica"}]},{"@type":"WebSite","@id":"https:\/\/vilenica.com\/it\/#website","url":"https:\/\/vilenica.com\/it\/","name":"Jama Vilenica","description":"Prva turisti\u010dna jama na svetu!","publisher":{"@id":"https:\/\/vilenica.com\/it\/#organization"},"alternateName":"Vilenica Jama","potentialAction":[{"@type":"SearchAction","target":{"@type":"EntryPoint","urlTemplate":"https:\/\/vilenica.com\/it\/?s={search_term_string}"},"query-input":{"@type":"PropertyValueSpecification","valueRequired":true,"valueName":"search_term_string"}}],"inLanguage":"it-IT"},{"@type":"Organization","@id":"https:\/\/vilenica.com\/it\/#organization","name":"Jama Vilenica","alternateName":"Vilenica Jama","url":"https:\/\/vilenica.com\/it\/","logo":{"@type":"ImageObject","inLanguage":"it-IT","@id":"https:\/\/vilenica.com\/it\/#\/schema\/logo\/image\/","url":"https:\/\/vilenica.com\/wp-content\/uploads\/2025\/02\/vilenica-icon.svg","contentUrl":"https:\/\/vilenica.com\/wp-content\/uploads\/2025\/02\/vilenica-icon.svg","width":126,"height":126,"caption":"Jama Vilenica"},"image":{"@id":"https:\/\/vilenica.com\/it\/#\/schema\/logo\/image\/"},"sameAs":["https:\/\/www.facebook.com\/JamaVilenica\/"]}]}},"_links":{"self":[{"href":"https:\/\/vilenica.com\/it\/wp-json\/wp\/v2\/pages\/3272","targetHints":{"allow":["GET"]}}],"collection":[{"href":"https:\/\/vilenica.com\/it\/wp-json\/wp\/v2\/pages"}],"about":[{"href":"https:\/\/vilenica.com\/it\/wp-json\/wp\/v2\/types\/page"}],"author":[{"embeddable":true,"href":"https:\/\/vilenica.com\/it\/wp-json\/wp\/v2\/users\/2"}],"replies":[{"embeddable":true,"href":"https:\/\/vilenica.com\/it\/wp-json\/wp\/v2\/comments?post=3272"}],"version-history":[{"count":10,"href":"https:\/\/vilenica.com\/it\/wp-json\/wp\/v2\/pages\/3272\/revisions"}],"predecessor-version":[{"id":4110,"href":"https:\/\/vilenica.com\/it\/wp-json\/wp\/v2\/pages\/3272\/revisions\/4110"}],"up":[{"embeddable":true,"href":"https:\/\/vilenica.com\/it\/wp-json\/wp\/v2\/pages\/3227"}],"wp:attachment":[{"href":"https:\/\/vilenica.com\/it\/wp-json\/wp\/v2\/media?parent=3272"}],"curies":[{"name":"wp","href":"https:\/\/api.w.org\/{rel}","templated":true}]}}